{"id":87528,"date":"2026-03-12T10:01:01","date_gmt":"2026-03-12T09:01:01","guid":{"rendered":"https:\/\/harden-construction.com\/?post_type=praca&#038;p=87528"},"modified":"2026-03-12T12:36:51","modified_gmt":"2026-03-12T11:36:51","slug":"koordynator-ds-ofertowania-branzy-elektrycznej-warszawa","status":"publish","type":"praca","link":"https:\/\/harden-construction.com\/en\/praca\/koordynator-ds-ofertowania-branzy-elektrycznej-warszawa\/","title":{"rendered":"Koordynator\/Koordynatorka ds. ofertowania bran\u017cy elektrycznej (mazowieckie)"},"content":{"rendered":"<div class=\"wpb-content-wrapper\"><p>[vc_row][vc_column width=&#8221;1\/1&#8243;][vc_custom_heading auto_text=&#8221;yes&#8221; uncode_shortcode_id=&#8221;176980&#8243;]This is a custom heading element.[\/vc_custom_heading][vc_column_text uncode_shortcode_id=&#8221;949127&#8243;]Poszukujemy osoby, kt\u00f3ra b\u0119dzie odpowiada\u0142a za koordynacj\u0119 procesu ofertowania instalacji elektrycznych oraz wsp\u00f3\u0142prac\u0119 z innymi zespo\u0142ami przy realizacji inwestycji przemys\u0142owych w regionie mazowieckim<\/p>\n<p>&nbsp;<\/p>\n<p><strong>ZAKRES OBOWI\u0104ZK\u00d3W<\/strong><\/p>\n<ul>\n<li data-section-id=\"zdpd7l\" data-start=\"371\" data-end=\"556\">\n<p data-start=\"373\" data-end=\"556\">Koordynowanie procesu przygotowania ofert przetargowych w zakresie instalacji elektrycznych dla projekt\u00f3w przemys\u0142owych,<\/p>\n<\/li>\n<li data-section-id=\"1xcnhk1\" data-start=\"557\" data-end=\"665\">\n<p data-start=\"559\" data-end=\"665\">Wsp\u00f3\u0142praca z zespo\u0142em realizacyjnym oraz dzia\u0142em ofertowym przy przygotowaniu ofert i analizie projekt\u00f3w,<\/p>\n<\/li>\n<li data-section-id=\"6twrtc\" data-start=\"666\" data-end=\"780\">\n<p data-start=\"668\" data-end=\"780\">Analiza dokumentacji projektowej pod k\u0105tem poprawno\u015bci oraz mo\u017cliwo\u015bci optymalizacji technicznych i kosztowych,<\/p>\n<\/li>\n<li data-section-id=\"yeltpa\" data-start=\"781\" data-end=\"871\">\n<p data-start=\"783\" data-end=\"871\">Przygotowywanie oraz weryfikacja przedmiar\u00f3w rob\u00f3t w zakresie instalacji elektrycznych,<\/p>\n<\/li>\n<li data-section-id=\"ddoaqn\" data-start=\"872\" data-end=\"933\">\n<p data-start=\"874\" data-end=\"933\">Wysy\u0142anie zapyta\u0144 ofertowych do dostawc\u00f3w i podwykonawc\u00f3w,<\/p>\n<\/li>\n<li data-section-id=\"v61ku4\" data-start=\"934\" data-end=\"1005\">\n<p data-start=\"936\" data-end=\"1005\">Analiza i por\u00f3wnywanie ofert materia\u0142owych oraz ofert podwykonawc\u00f3w,<\/p>\n<\/li>\n<li data-section-id=\"1wgzlsm\" data-start=\"1006\" data-end=\"1061\">\n<p data-start=\"1008\" data-end=\"1061\">Udzia\u0142 w negocjacjach z dostawcami i podwykonawcami,<\/p>\n<\/li>\n<li data-section-id=\"npgbk4\" data-start=\"1062\" data-end=\"1121\">\n<p data-start=\"1064\" data-end=\"1121\">Uczestnictwo w spotkaniach z klientami oraz inwestorami,<\/p>\n<\/li>\n<li data-section-id=\"1lpvh5x\" data-start=\"1122\" data-end=\"1198\">\n<p data-start=\"1124\" data-end=\"1198\">Wsparcie techniczne projekt\u00f3w realizowanych w formule <strong data-start=\"1178\" data-end=\"1196\">design &amp; build,<\/strong><\/p>\n<p><strong>OD KANDYDAT\u00d3W OCZEKUJEMY<\/strong><\/li>\n<\/ul>\n<ul>\n<li data-section-id=\"prnw6i\" data-start=\"1348\" data-end=\"1497\">\n<p data-start=\"1350\" data-end=\"1497\">Minimum 5 lat do\u015bwiadczenia przy projektach instalacji elektrycznych (na budowie lub w dziale ofertowym), przy projektach przemys\u0142owych,<\/p>\n<\/li>\n<li data-section-id=\"h0tl51\" data-start=\"1498\" data-end=\"1578\">\n<p data-start=\"1500\" data-end=\"1578\">Wykszta\u0142cenie wy\u017csze techniczne \u2013 kierunek elektryczny lub elektrotechniczny,<\/p>\n<\/li>\n<li data-section-id=\"of59pb\" data-start=\"1579\" data-end=\"1666\">\n<p data-start=\"1581\" data-end=\"1666\">Dobra znajomo\u015b\u0107 rynku budowlanego oraz cen materia\u0142\u00f3w i us\u0142ug w bran\u017cy elektrycznej,<\/p>\n<\/li>\n<li data-section-id=\"1mkaq6w\" data-start=\"1667\" data-end=\"1726\">\n<p data-start=\"1669\" data-end=\"1726\">Umiej\u0119tno\u015b\u0107 czytania i analizy dokumentacji projektowej,<\/p>\n<\/li>\n<li data-section-id=\"2eawlo\" data-start=\"1727\" data-end=\"1813\">\n<p data-start=\"1729\" data-end=\"1813\">Znajomo\u015b\u0107 program\u00f3w <strong data-start=\"1749\" data-end=\"1760\">AutoCAD<\/strong> oraz pakietu <strong data-start=\"1774\" data-end=\"1787\">MS Office<\/strong> (w szczeg\u00f3lno\u015bci Excel),<\/p>\n<\/li>\n<li data-section-id=\"1dc2472\" data-start=\"1875\" data-end=\"1961\">\n<p data-start=\"1877\" data-end=\"1961\">Samodzielno\u015b\u0107, dobra organizacja pracy oraz odpowiedzialno\u015b\u0107 za powierzone zadania,<\/p>\n<\/li>\n<li data-section-id=\"9qpk49\" data-start=\"1962\" data-end=\"2052\">\n<p data-start=\"1964\" data-end=\"2052\">Umiej\u0119tno\u015b\u0107 pracy zespo\u0142owej i wsp\u00f3\u0142pracy z r\u00f3\u017cnymi dzia\u0142ami przy realizacji projekt\u00f3w.<\/p>\n<\/li>\n<\/ul>\n<p><strong>OFERUJEMY<\/strong><\/p>\n<ul>\n<li>Atrakcyjne wynagrodzenie oraz pakiet \u015bwiadcze\u0144 socjalnych,<\/li>\n<li>Stabilne zatrudnienie na umow\u0119 o prac\u0119 lub poprzez umow\u0119 kontraktow\u0105 (b2b),<\/li>\n<li>Mo\u017cliwo\u015b\u0107 poszerzania do\u015bwiadczenia we wsp\u00f3\u0142pracy z zespo\u0142em specjalist\u00f3w i ekspert\u00f3w, zapewniaj\u0105cego gwarancj\u0119 zawodowego i osobistego rozwoju,<\/li>\n<li>Mo\u017cliwo\u015b\u0107 budowania pozycji zawodowej w firmie o du\u017cym potencjale,<\/li>\n<li>Szkolenia w zakresie kompetencji technicznych i rozwoju osobistego,<\/li>\n<li>Szkolenia j\u0119zykowe,<\/li>\n<li>Komputer, telefon.<\/li>\n<\/ul>\n<p>[\/vc_column_text][\/vc_column][\/vc_row][vc_row row_height_percent=&#8221;0&#8243; override_padding=&#8221;yes&#8221; h_padding=&#8221;2&#8243; top_padding=&#8221;2&#8243; bottom_padding=&#8221;1&#8243; back_color=&#8221;accent&#8221; overlay_alpha=&#8221;50&#8243; gutter_size=&#8221;3&#8243; column_width_percent=&#8221;100&#8243; shift_y=&#8221;0&#8243; z_index=&#8221;0&#8243; uncode_shortcode_id=&#8221;154771&#8243; back_color_type=&#8221;uncode-palette&#8221;][vc_column column_width_percent=&#8221;100&#8243; position_horizontal=&#8221;left&#8221; position_vertical=&#8221;middle&#8221; gutter_size=&#8221;3&#8243; overlay_alpha=&#8221;50&#8243; shift_x=&#8221;0&#8243; shift_y=&#8221;0&#8243; shift_y_down=&#8221;0&#8243; z_index=&#8221;0&#8243; medium_width=&#8221;0&#8243; mobile_width=&#8221;0&#8243; width=&#8221;1\/1&#8243; uncode_shortcode_id=&#8221;208924&#8243;][vc_custom_heading text_font=&#8221;font-762333&#8243; text_weight=&#8221;700&#8243; sub_lead=&#8221;yes&#8221; uncode_shortcode_id=&#8221;117681&#8243;]Do\u0142\u0105cz do nas[\/vc_custom_heading][vc_button button_color=&#8221;color-navy&#8221; size=&#8221;btn-lg&#8221; border_width=&#8221;0&#8243; link=&#8221;url:https%3A%2F%2Fsystem.erecruiter.pl%2FFormTemplates%2FRecruitmentForm.aspx%3FWebID%3D11a8e8f0abd04002b4370fc01575aca2|target:_blank&#8221; button_color_type=&#8221;uncode-palette&#8221; uncode_shortcode_id=&#8221;141055&#8243;]WY\u015aLIJ CV [\/vc_button][\/vc_column][\/vc_row]<\/p>\n<\/div>","protected":false},"featured_media":0,"template":"","miasta":[95],"class_list":["post-87528","praca","type-praca","status-publish","hentry","miasta-warszawa"],"yoast_head":"<!-- This site is optimized with the Yoast SEO plugin v27.4 - https:\/\/yoast.com\/product\/yoast-seo-wordpress\/ -->\n<title>Koordynator\/Koordynatorka ds. ofertowania bran\u017cy elektrycznej (mazowieckie) - Harden Construction<\/title>\n<meta name=\"robots\" content=\"index, follow, max-snippet:-1, max-image-preview:large, max-video-preview:-1\" \/>\n<link rel=\"canonical\" href=\"https:\/\/harden-construction.com\/en\/praca\/koordynator-ds-ofertowania-branzy-elektrycznej-warszawa\/\" \/>\n<meta property=\"og:locale\" content=\"en_US\" \/>\n<meta property=\"og:type\" content=\"article\" \/>\n<meta property=\"og:title\" content=\"Koordynator\/Koordynatorka ds. ofertowania bran\u017cy elektrycznej (mazowieckie) - Harden Construction\" \/>\n<meta property=\"og:description\" content=\"[vc_row][vc_column width=&#8221;1\/1&#8243;][vc_custom_heading auto_text=&#8221;yes&#8221; uncode_shortcode_id=&#8221;176980&#8243;]This is a custom heading element.[\/vc_custom_heading][vc_column_text uncode_shortcode_id=&#8221;949127&#8243;]Poszukujemy osoby, kt\u00f3ra b\u0119dzie odpowiada\u0142a za koordynacj\u0119 procesu ofertowania instalacji elektrycznych [&hellip;]\" \/>\n<meta property=\"og:url\" content=\"https:\/\/harden-construction.com\/en\/praca\/koordynator-ds-ofertowania-branzy-elektrycznej-warszawa\/\" \/>\n<meta property=\"og:site_name\" content=\"Harden Construction\" \/>\n<meta property=\"article:modified_time\" content=\"2026-03-12T11:36:51+00:00\" \/>\n<meta name=\"twitter:card\" content=\"summary_large_image\" \/>\n<meta name=\"twitter:label1\" content=\"Est. reading time\" \/>\n\t<meta name=\"twitter:data1\" content=\"2 minutes\" \/>\n<script type=\"application\/ld+json\" class=\"yoast-schema-graph\">{\"@context\":\"https:\\\/\\\/schema.org\",\"@graph\":[{\"@type\":\"WebPage\",\"@id\":\"https:\\\/\\\/harden-construction.com\\\/en\\\/praca\\\/koordynator-ds-ofertowania-branzy-elektrycznej-warszawa\\\/\",\"url\":\"https:\\\/\\\/harden-construction.com\\\/en\\\/praca\\\/koordynator-ds-ofertowania-branzy-elektrycznej-warszawa\\\/\",\"name\":\"Koordynator\\\/Koordynatorka ds. ofertowania bran\u017cy elektrycznej (mazowieckie) - Harden Construction\",\"isPartOf\":{\"@id\":\"https:\\\/\\\/harden-construction.com\\\/en\\\/#website\"},\"datePublished\":\"2026-03-12T09:01:01+00:00\",\"dateModified\":\"2026-03-12T11:36:51+00:00\",\"breadcrumb\":{\"@id\":\"https:\\\/\\\/harden-construction.com\\\/en\\\/praca\\\/koordynator-ds-ofertowania-branzy-elektrycznej-warszawa\\\/#breadcrumb\"},\"inLanguage\":\"en-US\",\"potentialAction\":[{\"@type\":\"ReadAction\",\"target\":[\"https:\\\/\\\/harden-construction.com\\\/en\\\/praca\\\/koordynator-ds-ofertowania-branzy-elektrycznej-warszawa\\\/\"]}]},{\"@type\":\"BreadcrumbList\",\"@id\":\"https:\\\/\\\/harden-construction.com\\\/en\\\/praca\\\/koordynator-ds-ofertowania-branzy-elektrycznej-warszawa\\\/#breadcrumb\",\"itemListElement\":[{\"@type\":\"ListItem\",\"position\":1,\"name\":\"Strona g\u0142\u00f3wna\",\"item\":\"https:\\\/\\\/harden-construction.com\\\/en\\\/\"},{\"@type\":\"ListItem\",\"position\":2,\"name\":\"Koordynator\\\/Koordynatorka ds. ofertowania bran\u017cy elektrycznej (mazowieckie)\"}]},{\"@type\":\"WebSite\",\"@id\":\"https:\\\/\\\/harden-construction.com\\\/en\\\/#website\",\"url\":\"https:\\\/\\\/harden-construction.com\\\/en\\\/\",\"name\":\"Harden Construction\",\"description\":\"\",\"potentialAction\":[{\"@type\":\"SearchAction\",\"target\":{\"@type\":\"EntryPoint\",\"urlTemplate\":\"https:\\\/\\\/harden-construction.com\\\/en\\\/?s={search_term_string}\"},\"query-input\":{\"@type\":\"PropertyValueSpecification\",\"valueRequired\":true,\"valueName\":\"search_term_string\"}}],\"inLanguage\":\"en-US\"}]}<\/script>\n<!-- \/ Yoast SEO plugin. -->","yoast_head_json":{"title":"Koordynator\/Koordynatorka ds. ofertowania bran\u017cy elektrycznej (mazowieckie) - Harden Construction","robots":{"index":"index","follow":"follow","max-snippet":"max-snippet:-1","max-image-preview":"max-image-preview:large","max-video-preview":"max-video-preview:-1"},"canonical":"https:\/\/harden-construction.com\/en\/praca\/koordynator-ds-ofertowania-branzy-elektrycznej-warszawa\/","og_locale":"en_US","og_type":"article","og_title":"Koordynator\/Koordynatorka ds. ofertowania bran\u017cy elektrycznej (mazowieckie) - Harden Construction","og_description":"[vc_row][vc_column width=&#8221;1\/1&#8243;][vc_custom_heading auto_text=&#8221;yes&#8221; uncode_shortcode_id=&#8221;176980&#8243;]This is a custom heading element.[\/vc_custom_heading][vc_column_text uncode_shortcode_id=&#8221;949127&#8243;]Poszukujemy osoby, kt\u00f3ra b\u0119dzie odpowiada\u0142a za koordynacj\u0119 procesu ofertowania instalacji elektrycznych [&hellip;]","og_url":"https:\/\/harden-construction.com\/en\/praca\/koordynator-ds-ofertowania-branzy-elektrycznej-warszawa\/","og_site_name":"Harden Construction","article_modified_time":"2026-03-12T11:36:51+00:00","twitter_card":"summary_large_image","twitter_misc":{"Est. reading time":"2 minutes"},"schema":{"@context":"https:\/\/schema.org","@graph":[{"@type":"WebPage","@id":"https:\/\/harden-construction.com\/en\/praca\/koordynator-ds-ofertowania-branzy-elektrycznej-warszawa\/","url":"https:\/\/harden-construction.com\/en\/praca\/koordynator-ds-ofertowania-branzy-elektrycznej-warszawa\/","name":"Koordynator\/Koordynatorka ds. ofertowania bran\u017cy elektrycznej (mazowieckie) - Harden Construction","isPartOf":{"@id":"https:\/\/harden-construction.com\/en\/#website"},"datePublished":"2026-03-12T09:01:01+00:00","dateModified":"2026-03-12T11:36:51+00:00","breadcrumb":{"@id":"https:\/\/harden-construction.com\/en\/praca\/koordynator-ds-ofertowania-branzy-elektrycznej-warszawa\/#breadcrumb"},"inLanguage":"en-US","potentialAction":[{"@type":"ReadAction","target":["https:\/\/harden-construction.com\/en\/praca\/koordynator-ds-ofertowania-branzy-elektrycznej-warszawa\/"]}]},{"@type":"BreadcrumbList","@id":"https:\/\/harden-construction.com\/en\/praca\/koordynator-ds-ofertowania-branzy-elektrycznej-warszawa\/#breadcrumb","itemListElement":[{"@type":"ListItem","position":1,"name":"Strona g\u0142\u00f3wna","item":"https:\/\/harden-construction.com\/en\/"},{"@type":"ListItem","position":2,"name":"Koordynator\/Koordynatorka ds. ofertowania bran\u017cy elektrycznej (mazowieckie)"}]},{"@type":"WebSite","@id":"https:\/\/harden-construction.com\/en\/#website","url":"https:\/\/harden-construction.com\/en\/","name":"Harden Construction","description":"","potentialAction":[{"@type":"SearchAction","target":{"@type":"EntryPoint","urlTemplate":"https:\/\/harden-construction.com\/en\/?s={search_term_string}"},"query-input":{"@type":"PropertyValueSpecification","valueRequired":true,"valueName":"search_term_string"}}],"inLanguage":"en-US"}]}},"_links":{"self":[{"href":"https:\/\/harden-construction.com\/en\/wp-json\/wp\/v2\/praca\/87528","targetHints":{"allow":["GET"]}}],"collection":[{"href":"https:\/\/harden-construction.com\/en\/wp-json\/wp\/v2\/praca"}],"about":[{"href":"https:\/\/harden-construction.com\/en\/wp-json\/wp\/v2\/types\/praca"}],"wp:attachment":[{"href":"https:\/\/harden-construction.com\/en\/wp-json\/wp\/v2\/media?parent=87528"}],"wp:term":[{"taxonomy":"miasta","embeddable":true,"href":"https:\/\/harden-construction.com\/en\/wp-json\/wp\/v2\/miasta?post=87528"}],"curies":[{"name":"wp","href":"https:\/\/api.w.org\/{rel}","templated":true}]}}